{"id":9467,"date":"2018-03-13T10:32:53","date_gmt":"2018-03-13T14:32:53","guid":{"rendered":"https:\/\/cap.ca\/?page_id=9467\/"},"modified":"2018-04-06T11:19:21","modified_gmt":"2018-04-06T15:19:21","slug":"international-day-light","status":"publish","type":"page","link":"https:\/\/cap.ca\/fr\/activites\/international-day-light\/","title":{"rendered":"Journ\u00e9e internationale de la lumi\u00e8re"},"content":{"rendered":"<h3><strong>La premi\u00e8re Journ\u00e9e internationale de la lumi\u00e8re (JIL) annuelle<\/strong><\/h3>\n<p><img loading=\"lazy\" decoding=\"async\" class=\"size-medium wp-image-9462 alignright\" src=\"https:\/\/cap.ca\/wp-content\/uploads\/2018\/02\/IDL-Logo-186x300.jpg\" alt=\"\" width=\"186\" height=\"300\" srcset=\"https:\/\/cap.ca\/wp-content\/uploads\/2018\/02\/IDL-Logo-186x300.jpg 186w, https:\/\/cap.ca\/wp-content\/uploads\/2018\/02\/IDL-Logo.jpg 203w\" sizes=\"auto, (max-width: 186px) 100vw, 186px\" \/><strong>Date:<\/strong>\u00a0 16 mai 2018<\/p>\n<p><strong>Location:<\/strong>\u00a0Paris, France<\/p>\n<p><strong>Website:\u00a0<a href=\"https:\/\/idl.cap.ca\/\">https:\/\/idl.cap.ca\/<\/a><\/strong><\/p>\n<p>La Journ\u00e9e internationale de la lumi\u00e8re est une initiative mondiale qui fournit un point annuel de convergence pour continuer d&#8217;appr\u00e9cier la lumi\u00e8re et son r\u00f4le \u00e0 l&#8217;\u00e9gard de la science, de la culture et des arts, de l&#8217;\u00e9ducation et du d\u00e9veloppement durable ainsi que dans des domaines aussi divers que la m\u00e9decine, les communications et l&#8217;\u00e9nergie. Le vaste th\u00e8me de la lumi\u00e8re permettra \u00e0 nombre de secteurs diff\u00e9rents de la soci\u00e9t\u00e9 mondiale de participert \u00e0 des activit\u00e9s qui montrent comment la science, la technologie, les arts et la culture peuvent aider \u00e0 atteindre les objectifs de l&#8217;UNESCO : \u00e9ducation, \u00e9galit\u00e9 et paix.<\/p>\n<p>L\u2019ACP est heureuse d\u2019annoncer qu\u2019elle enverra\u00a0<strong>Kate Fenwick, de l\u2019Universit\u00e9 Queen\u2019s<\/strong>, pour repr\u00e9senter le Canada \u00e0 titre d\u2019\u00e9tudiante \u00e0 la premi\u00e8re c\u00e9l\u00e9bration annuelle de la Journ\u00e9e internationale de la lumi\u00e8re (JIL) \u00e0 Paris, en France. Kate repr\u00e9sentera le Canada \u00e0 titre volontaire au sein de la d\u00e9l\u00e9gation de l\u2019International Association of Physics Students \u00e0 la premi\u00e8re c\u00e9l\u00e9bration annuelle, le 16 mai 2018, par l\u2019UNESCO. Elle aura la chance de travailler aux c\u00f4t\u00e9s de nombreux \u00e9tudiants en physique du monde entier pour aider \u00e0 y c\u00e9l\u00e9brer et \u00e0 expliquer l\u2019importance de la lumi\u00e8re et des technologies fond\u00e9es sur celle-ci.<\/p>\n<p>Kate est \u00e9tudiante \u00e0 la ma\u00eetrise en science avec le D<sup>r<\/sup>\u00a0James Fraser qui travaille sur les interactions lumi\u00e8re-mati\u00e8re. En plus de s\u2019investir beaucoup dans ses \u00e9tudes, Kate est passionn\u00e9e par la sensibilisation aux sciences et est membre active de Robogals North America, qui fait la promotion de l\u2019inclusivit\u00e9 et de la diversit\u00e9 des STIM. Elle a \u00e9t\u00e9 copr\u00e9sidente de la conf\u00e9rence CCUWiP 2018, tenue au d\u00e9but de janvier \u00e0 l\u2019Universit\u00e9 Queen\u2019s.<\/p>\n<p>&nbsp;<\/p>\n","protected":false},"excerpt":{"rendered":"<p>La premi\u00e8re Journ\u00e9e internationale de la lumi\u00e8re (JIL) annuelle Date:\u00a0 16 mai 2018 Location:\u00a0Paris, France Website:\u00a0https:\/\/idl.cap.ca\/ La Journ\u00e9e internationale de la lumi\u00e8re est une initiative mondiale qui fournit un point annuel de convergence pour continuer d&#8217;appr\u00e9cier la lumi\u00e8re et son r\u00f4le \u00e0 l&#8217;\u00e9gard de la science, de la culture et des arts, de l&#8217;\u00e9ducation et&#8230;  <a class=\"excerpt-read-more\" href=\"https:\/\/cap.ca\/fr\/activites\/international-day-light\/\" title=\"LireJourn\u00e9e internationale de la lumi\u00e8re\">Lire la suite &raquo;<\/a><\/p>\n","protected":false},"author":12,"featured_media":0,"parent":3277,"menu_order":7,"comment_status":"closed","ping_status":"closed","template":"","meta":{"footnotes":""},"class_list":["post-9467","page","type-page","status-publish","hentry"],"_links":{"self":[{"href":"https:\/\/cap.ca\/fr\/wp-json\/wp\/v2\/pages\/9467","targetHints":{"allow":["GET"]}}],"collection":[{"href":"https:\/\/cap.ca\/fr\/wp-json\/wp\/v2\/pages"}],"about":[{"href":"https:\/\/cap.ca\/fr\/wp-json\/wp\/v2\/types\/page"}],"author":[{"embeddable":true,"href":"https:\/\/cap.ca\/fr\/wp-json\/wp\/v2\/users\/12"}],"replies":[{"embeddable":true,"href":"https:\/\/cap.ca\/fr\/wp-json\/wp\/v2\/comments?post=9467"}],"version-history":[{"count":7,"href":"https:\/\/cap.ca\/fr\/wp-json\/wp\/v2\/pages\/9467\/revisions"}],"predecessor-version":[{"id":9958,"href":"https:\/\/cap.ca\/fr\/wp-json\/wp\/v2\/pages\/9467\/revisions\/9958"}],"up":[{"embeddable":true,"href":"https:\/\/cap.ca\/fr\/wp-json\/wp\/v2\/pages\/3277"}],"wp:attachment":[{"href":"https:\/\/cap.ca\/fr\/wp-json\/wp\/v2\/media?parent=9467"}],"curies":[{"name":"wp","href":"https:\/\/api.w.org\/{rel}","templated":true}]}}