{"id":29141,"date":"2026-04-28T10:42:30","date_gmt":"2026-04-28T14:42:30","guid":{"rendered":"https:\/\/cap.ca\/congres-de-lacp\/congres-2026\/2026-special-sessions-and-workshops\/"},"modified":"2026-04-28T12:22:55","modified_gmt":"2026-04-28T16:22:55","slug":"sessions-speciales-et-ateliers-2026","status":"publish","type":"page","link":"https:\/\/cap.ca\/fr\/congres-de-lacp\/congres-2026\/sessions-speciales-et-ateliers-2026\/","title":{"rendered":"Sessions sp\u00e9ciales et ateliers 2026"},"content":{"rendered":"<h3><b>Atelier sur les technologies du vide<\/b><\/h3>\n<p>(Dimanche 22 juin 2026, de 13 h 30 \u00e0 16 h)<\/p>\n<p>Busch-Pfieffer Vacuum Solutions propose un atelier offrant un aper\u00e7u pratique et fond\u00e9 sur la physique des technologies du vide, destin\u00e9 aux ing\u00e9nieurs et aux scientifiques travaillant dans des environnements de recherche et de laboratoire appliqu\u00e9. Ce cours a d\u00e9j\u00e0 \u00e9t\u00e9 dispens\u00e9 dans plusieurs universit\u00e9s et centres de recherche, notamment \u00e0 l&#8217;Universit\u00e9 McGill, \u00e0 l&#8217;Universit\u00e9 Queens et au CLS.<\/p>\n<p>Les th\u00e8mes abord\u00e9s comprennent la d\u00e9finition du vide et des r\u00e9gimes d&#8217;\u00e9coulement, les sources de charge gazeuse et les limites de pression, la vitesse de pompage et la conductance, les principales technologies de pompes \u00e0 vide (pompes primaires, turbomol\u00e9culaires, cryog\u00e9niques et \u00e0 capture), les composants et mat\u00e9riaux pour le vide, les principes de mesure de la pression, l&#8217;analyse des gaz r\u00e9siduels et la d\u00e9tection des fuites \u00e0 l&#8217;h\u00e9lium. L&#8217;accent est mis sur la compr\u00e9hension du comportement r\u00e9el des syst\u00e8mes \u2014 d\u00e9gazage, perm\u00e9ation, contamination et fuites \u2014 plut\u00f4t que sur des sp\u00e9cifications id\u00e9alis\u00e9es. L&#8217;atelier se termine par la pr\u00e9sentation des meilleures pratiques en mati\u00e8re de conception, d&#8217;exploitation, de d\u00e9pannage et de maintenance des syst\u00e8mes dans les applications de vide pouss\u00e9 et d&#8217;ultra-vide.<\/p>\n<p><span style=\"font-weight: 400;\">\u2014&#8212;&#8212;&#8212;&#8212;&#8212;&#8212;&#8212;&#8212;&#8212;&#8212;&#8212;&#8212;&#8212;&#8212;&#8212;&#8212;&#8212;&#8212;&#8212;&#8212;&#8212;&#8212;&#8212;&#8212;&#8212;&#8212;&#8212;&#8212;&#8212;&#8212;&#8212;&#8212;&#8212;&#8212;&#8212;&#8212;&#8212;&#8212;&#8212;&#8212;-<\/span><\/p>\n<h3><b>Masterclass de pr\u00e9sentation par les \u00e9tudiants<\/b><\/h3>\n<p>(Dimanche 22 juin 2026, de 16 h 30 \u00e0 18 h)<\/p>\n<p>Description \u00e0 venir<\/p>\n<p><span style=\"font-weight: 400;\">\u2014&#8212;&#8212;&#8212;&#8212;&#8212;&#8212;&#8212;&#8212;&#8212;&#8212;&#8212;&#8212;&#8212;&#8212;&#8212;&#8212;&#8212;&#8212;&#8212;&#8212;&#8212;&#8212;&#8212;&#8212;&#8212;&#8212;&#8212;&#8212;&#8212;&#8212;&#8212;&#8212;&#8212;&#8212;&#8212;&#8212;&#8212;&#8212;&#8212;&#8212;-<\/span><\/p>\n<h3><b>Forum sur l&#8217;\u00e9nergie de fusion au Canada<\/b><\/h3>\n<p>(Lundi 23 juin 2026, de 8 h \u00e0 17 h)<\/p>\n<p>La n\u00e9cessit\u00e9 de renforcer la s\u00e9curit\u00e9 \u00e9nerg\u00e9tique mondiale et de r\u00e9pondre \u00e0 la demande croissante en \u00e9nergie est largement reconnue, notamment celle g\u00e9n\u00e9r\u00e9e par l&#8217;\u00e9lectrification, la num\u00e9risation et l&#8217;intelligence artificielle. Le Canada est le seul pays du G7 \u00e0 ne disposer d\u2019aucun programme f\u00e9d\u00e9ral ni d\u2019aucune strat\u00e9gie nationale en mati\u00e8re de recherche sur l\u2019\u00e9nergie de fusion. Une session publique sur l\u2019\u00e9nergie de fusion sera organis\u00e9e dans le cadre de l\u2019ACP 2026. Les investissements dans l\u2019\u00e9nergie de fusion progressent \u00e0 un rythme rapide \u00e0 l\u2019\u00e9chelle mondiale ; nous esp\u00e9rons ici mettre en avant l\u2019opportunit\u00e9 unique qui s\u2019offre au Canada de se lancer d\u00e8s le d\u00e9but et de mener les avanc\u00e9es dans ce domaine. Le d\u00e9veloppement de l\u2019\u00e9nergie de fusion favorise non seulement l\u2019ind\u00e9pendance \u00e9nerg\u00e9tique, mais aussi les objectifs nationaux en mati\u00e8re de recherche, de diversification technologique, de d\u00e9fense et de souverainet\u00e9 technologique nationale. Cette r\u00e9union \u00e0 Ottawa, la capitale nationale, est une occasion unique de mettre en avant le potentiel de l&#8217;\u00e9nergie de fusion, d&#8217;identifier et de mettre en valeur l&#8217;expertise canadienne dans le milieu universitaire ainsi que les travaux en cours dans les industries associ\u00e9es au Canada.<\/p>\n<p><i>Organisateurs : \u00c9mile Carbone (emile.carbone@inrs.ca) et Amina Hussein (aehussein@ualberta.ca).<\/i><\/p>\n<p><span style=\"font-weight: 400;\">\u2014&#8212;&#8212;&#8212;&#8212;&#8212;&#8212;&#8212;&#8212;&#8212;&#8212;&#8212;&#8212;&#8212;&#8212;&#8212;&#8212;&#8212;&#8212;&#8212;&#8212;&#8212;&#8212;&#8212;&#8212;&#8212;&#8212;&#8212;&#8212;&#8212;&#8212;&#8212;&#8212;&#8212;&#8212;&#8212;&#8212;&#8212;&#8212;&#8212;&#8212;-<\/span><\/p>\n<h3><b>Physique, politique et paix : le r\u00f4le des physiciens dans la r\u00e9duction de la menace des armes nucl\u00e9aires<\/b><\/h3>\n<p>(Lundi 22 juin 2026, de 12 h \u00e0 13 h 30)<\/p>\n<p>L&#8217;Association canadienne des physiciens s&#8217;est associ\u00e9e \u00e0 la <a href=\"https:\/\/physicistscoalition.org\/\">Coalition des physiciens pour la r\u00e9duction de la menace nucl\u00e9aire<\/a> afin d&#8217;organiser une discussion sur la mani\u00e8re dont les physiciens peuvent contribuer \u00e0 r\u00e9duire la menace des armes nucl\u00e9aires. La Coalition des physiciens a \u00e9t\u00e9 fond\u00e9e en 2019 avec le soutien du Fonds d\u2019innovation de l\u2019American Physical Society et de la Carnegie Corporation. Cette session s\u2019articule autour de trois th\u00e8mes, avec des intervenants qui pr\u00e9senteront une s\u00e9rie de questions, notamment la situation actuelle des armes nucl\u00e9aires dans le monde, le syst\u00e8me de d\u00e9fense antimissile strat\u00e9gique \u00ab Golden Dome \u00bb d\u00e9velopp\u00e9 par les \u00c9tats-Unis, les aspects techniques de la gestion et de la v\u00e9rification nucl\u00e9aires, ainsi que l\u2019\u00e9tat actuel du plaidoyer. Cette session sera suivie d\u2019une s\u00e9ance de questions-r\u00e9ponses.<\/p>\n<p><u>Th\u00e8me 1 : <\/u><i><u>Le danger nucl\u00e9aire croissant<\/u><\/i><\/p>\n<p>Stewart Prager, <a href=\"https:\/\/sgs.princeton.edu\/\">Programme sur la science et la s\u00e9curit\u00e9 mondiale<\/a> (Universit\u00e9 de Princeton) et Coalition des physiciens pour la r\u00e9duction de la menace nucl\u00e9aire<\/p>\n<p><u>Th\u00e8me 2 : <\/u><i><u>Le Golden Dome : aspects techniques et politiques<\/u><\/i><\/p>\n<p>Walter Dorn, \u00c9tudes de d\u00e9fense (Coll\u00e8ge militaire royal du Canada)<\/p>\n<p>Igor Mori\u0107, <a href=\"https:\/\/sgs.princeton.edu\/\">Programme sur la science et la s\u00e9curit\u00e9 mondiale<\/a> (Universit\u00e9 de Princeton).<\/p>\n<p><u>Th\u00e8me 3 : <\/u><i><u>Les physiciens et les armes nucl\u00e9aires : comment nous pouvons contribuer \u00e0 r\u00e9duire la menace<\/u><\/i><\/p>\n<p>Talia Weiss, doctorante et cr\u00e9atrice de la <a href=\"https:\/\/kimballsmithseries.yale.edu\/\">Yale Kimball Smith Series<\/a>. (Universit\u00e9 de Yale)<\/p>\n<p><span style=\"font-weight: 400;\">\u2014&#8212;&#8212;&#8212;&#8212;&#8212;&#8212;&#8212;&#8212;&#8212;&#8212;&#8212;&#8212;&#8212;&#8212;&#8212;&#8212;&#8212;&#8212;&#8212;&#8212;&#8212;&#8212;&#8212;&#8212;&#8212;&#8212;&#8212;&#8212;&#8212;&#8212;&#8212;&#8212;&#8212;&#8212;&#8212;&#8212;&#8212;&#8212;&#8212;&#8212;-<\/span><\/p>\n<h3><b>S\u00e9ance de r\u00e9seautage pour les post-doctorants et les chercheurs en d\u00e9but de carri\u00e8re<\/b><\/h3>\n<p>(Mardi 23 juin 2026, de 12 h \u00e0 13 h 30)<\/p>\n<p>Cette s\u00e9ance de r\u00e9seautage s&#8217;adresse aux post-doctorants et aux chercheurs en d\u00e9but de carri\u00e8re participant au congr\u00e8s de l&#8217;ACP. Que vous recherchiez des conseils ou que vous souhaitiez simplement \u00e9largir votre r\u00e9seau professionnel, cette session vous permettra d\u2019\u00e9changer avec des pairs confront\u00e9s \u00e0 des d\u00e9fis et des opportunit\u00e9s similaires \u00e0 ce stade pr\u00e9coce de leur carri\u00e8re, et d\u2019en savoir plus sur les programmes et le soutien offerts par l\u2019ACP. Par exemple, l\u2019ACP envisage de prolonger de 4 \u00e0 6 ans la p\u00e9riode pendant laquelle les cotisations des membres \u00e0 part enti\u00e8re en d\u00e9but de carri\u00e8re sont r\u00e9duites. La session vise \u00e0 favoriser les liens au sein de la communaut\u00e9 des physiciens en d\u00e9but de carri\u00e8re au Canada.<\/p>\n<p><span style=\"font-weight: 400;\">\u2014&#8212;&#8212;&#8212;&#8212;&#8212;&#8212;&#8212;&#8212;&#8212;&#8212;&#8212;&#8212;&#8212;&#8212;&#8212;&#8212;&#8212;&#8212;&#8212;&#8212;&#8212;&#8212;&#8212;&#8212;&#8212;&#8212;&#8212;&#8212;&#8212;&#8212;&#8212;&#8212;&#8212;&#8212;&#8212;&#8212;&#8212;&#8212;&#8212;&#8212;-<\/span><\/p>\n<h3><b>Rencontre entre \u00e9tudiants et physiciens du secteur priv\u00e9<\/b><\/h3>\n<p>(Mercredi 24 juin 2026, de 18 h \u00e0 19 h 30)<\/p>\n<p>Venez rencontrer et \u00e9changer avec des physiciens travaillant dans le secteur priv\u00e9 dans un cadre d\u00e9contract\u00e9, apr\u00e8s les interventions des intervenants du secteur priv\u00e9 et les tables rondes du Symposium du secteur priv\u00e9.<\/p>\n<p>Lors de cette rencontre, vous pourrez profiter d\u2019un buffet et de boissons tout en discutant en t\u00eate-\u00e0-t\u00eate, en posant des questions sp\u00e9cifiques sur votre future carri\u00e8re en physique et en d\u00e9couvrant la vie professionnelle, les emplois et les avantages offerts aux physiciens d\u00e9butants et exp\u00e9riment\u00e9s dans les secteurs priv\u00e9 et public. N\u2019h\u00e9sitez pas non plus \u00e0 nous interroger sur les avantages de devenir physicien professionnel, avec le titre de phys.<\/p>\n<h3><b style=\"color: #444444; font-family: 'Droid Serif', 'Helvetica Neue', Helvetica, Arial, sans-serif; font-size: 16px;\">\u2014&#8212;&#8212;&#8212;&#8212;&#8212;&#8212;&#8212;&#8212;&#8212;&#8212;&#8212;&#8212;&#8212;&#8212;&#8212;&#8212;&#8212;&#8212;&#8212;&#8212;&#8212;&#8212;&#8212;&#8212;&#8212;&#8212;&#8212;&#8212;&#8212;&#8212;&#8212;&#8212;&#8212;&#8212;&#8212;&#8212;&#8212;&#8212;&#8212;&#8212;-<\/b><\/h3>\n<h3><b>\u00c9ditions scientifiques canadiennes<\/b><\/h3>\n<p>(Jeudi 25 juin 2026, de 12 h \u00e0 13 h 30)<\/p>\n<p>La revue <i>Canadian Journal of Physics<\/i> organise \u00e0 nouveau un atelier de d\u00e9veloppement professionnel dans le cadre du congr\u00e8s de l&#8217;ACP. Voici les d\u00e9tails de l&#8217;atelier de cette ann\u00e9e.<\/p>\n<p><b>Intersections : libre acc\u00e8s, r\u00e9f\u00e9rentiels de donn\u00e9es et utilisation \u2013 Discussion anim\u00e9e par le Canadian Journal of Physics<\/b><\/p>\n<p>Que la recherche soit trouv\u00e9e via une recherche sur le Web, dans une base de donn\u00e9es ou \u00e0 l\u2019aide d\u2019outils d\u2019IA g\u00e9n\u00e9rative, son utilisation et son impact d\u00e9pendent de l\u2019acc\u00e8s qu\u2019en ont les autres. Pour les physiciens, il est donc primordial de faire des choix \u00e9clair\u00e9s quant \u00e0 la destination de leurs r\u00e9sultats de recherche. Cette session explore la mani\u00e8re dont les physiciens s\u2019y retrouvent face \u00e0 ces choix, depuis la s\u00e9lection des licences et des dispositions en mati\u00e8re de droits d\u2019auteur appropri\u00e9es lors de la publication d\u2019articles de recherche jusqu\u2019aux consid\u00e9rations relatives \u00e0 l\u2019utilisation des r\u00e9f\u00e9rentiels de donn\u00e9es et de code. Ces d\u00e9cisions s\u2019inscrivent dans un paysage de l\u2019acc\u00e8s libre et de la science ouverte en rapide \u00e9volution, fa\u00e7onn\u00e9 par les mandats des bailleurs de fonds (par exemple, les politiques actuelles et \u00e9mergentes du CRSNG) et les nouveaux outils de d\u00e9couverte et d\u2019acc\u00e8s \u00e0 la recherche. La session examinera les consid\u00e9rations pratiques et les compromis, aidant les participants \u00e0 faire des choix \u00e9clair\u00e9s dans un paysage de la recherche en constante \u00e9volution.<\/p>\n<p>Une pr\u00e9sentation cibl\u00e9e sera suivie d\u2019une discussion ouverte, anim\u00e9e par les r\u00e9dacteurs en chef du Canadian Journal of Physics (CJP), Marco Merkli (Universit\u00e9 Memorial de Terre-Neuve) et Zahra Yamani (Laboratoires nucl\u00e9aires canadiens), ainsi que par des repr\u00e9sentants de Canadian Science Publishing, Jocelyn Sinclair (sp\u00e9cialiste du d\u00e9veloppement de la revue, Canadian Journal of Physics) et Mike Donaldson (directeur des initiatives strat\u00e9giques). Apportez votre d\u00eener et vos questions sur tout ce qui touche \u00e0 la revue ou \u00e0 la publication de la recherche en g\u00e9n\u00e9ral, y compris les options de libre acc\u00e8s, le partage des donn\u00e9es et des codes, la visibilit\u00e9 de la recherche et l\u2019utilisation responsable des r\u00e9sultats de la recherche !<\/p>\n<p>H\u00f4tes\/auteurs : Jocelyn Sinclair et Mike Donaldson (Canadian Science Publishing) et les r\u00e9dacteurs en chef du CJP, Marco Merkli (Universit\u00e9 Memorial de Terre-Neuve) et Zahra Yamani (Laboratoires nucl\u00e9aires canadiens).<\/p>\n","protected":false},"excerpt":{"rendered":"<p>Atelier sur les technologies du vide (Dimanche 22 juin 2026, de 13 h 30 \u00e0 16 h) Busch-Pfieffer Vacuum Solutions propose un atelier offrant un aper\u00e7u pratique et fond\u00e9 sur la physique des technologies du vide, destin\u00e9 aux ing\u00e9nieurs et aux scientifiques travaillant dans des environnements de recherche et de laboratoire appliqu\u00e9. Ce cours a&#8230;  <a class=\"excerpt-read-more\" href=\"https:\/\/cap.ca\/fr\/congres-de-lacp\/congres-2026\/sessions-speciales-et-ateliers-2026\/\" title=\"LireSessions sp\u00e9ciales et ateliers 2026\">Lire la suite &raquo;<\/a><\/p>\n","protected":false},"author":5,"featured_media":0,"parent":27579,"menu_order":0,"comment_status":"closed","ping_status":"closed","template":"","meta":{"footnotes":""},"class_list":["post-29141","page","type-page","status-publish","hentry"],"_links":{"self":[{"href":"https:\/\/cap.ca\/fr\/wp-json\/wp\/v2\/pages\/29141","targetHints":{"allow":["GET"]}}],"collection":[{"href":"https:\/\/cap.ca\/fr\/wp-json\/wp\/v2\/pages"}],"about":[{"href":"https:\/\/cap.ca\/fr\/wp-json\/wp\/v2\/types\/page"}],"author":[{"embeddable":true,"href":"https:\/\/cap.ca\/fr\/wp-json\/wp\/v2\/users\/5"}],"replies":[{"embeddable":true,"href":"https:\/\/cap.ca\/fr\/wp-json\/wp\/v2\/comments?post=29141"}],"version-history":[{"count":4,"href":"https:\/\/cap.ca\/fr\/wp-json\/wp\/v2\/pages\/29141\/revisions"}],"predecessor-version":[{"id":29149,"href":"https:\/\/cap.ca\/fr\/wp-json\/wp\/v2\/pages\/29141\/revisions\/29149"}],"up":[{"embeddable":true,"href":"https:\/\/cap.ca\/fr\/wp-json\/wp\/v2\/pages\/27579"}],"wp:attachment":[{"href":"https:\/\/cap.ca\/fr\/wp-json\/wp\/v2\/media?parent=29141"}],"curies":[{"name":"wp","href":"https:\/\/api.w.org\/{rel}","templated":true}]}}