{"id":22093,"date":"2022-11-16T09:30:02","date_gmt":"2022-11-16T14:30:02","guid":{"rendered":"https:\/\/cap.ca\/?page_id=22093"},"modified":"2025-12-12T11:48:15","modified_gmt":"2025-12-12T16:48:15","slug":"tournee-de-conferenciers-de-lacp-2023","status":"publish","type":"page","link":"https:\/\/cap.ca\/fr\/tournee-de-conferenciers-de-lacp-2023\/","title":{"rendered":"Tourn\u00e9e de conf\u00e9renciers de l\u2019ACP 2023"},"content":{"rendered":"<p class=\"page-title\">La tourn\u00e9e des conf\u00e9renciers 2023 de l\u2019ACP est un \u00e9v\u00e9nement stimulant et prestigieux pour les \u00e9tudiants de premier cycle des d\u00e9partements de physique partout au Canada.\u00a0 La tourn\u00e9e met en vedette\u00a0 d\u2019excellentes pr\u00e9sentations couvrant plusieurs champs de la physique contemporaine.<\/p>\n<p>Cette ann\u00e9e, les conf\u00e9rences de l\u2019Association canadienne des physiciens et physiciennes (ACP) pour les \u00e9tudiants de premier cycle seront propos\u00e9es dans un format hybride de la fin janvier \u00e0 la fin mars (environ une conf\u00e9rence par semaine). \u00c0 la suite d\u2019un processus de s\u00e9lection bas\u00e9 sur les commentaires des \u00e9tudiants de premier cycle des d\u00e9partements membres de l\u2019ACP, six physiciens et physiciennes de tout le pays seront choisis pour pr\u00e9senter leur conf\u00e9rence dans un \u00e9tablissement h\u00f4te de chacune des six r\u00e9gions de l\u2019ACP.<\/p>\n<p>Les conf\u00e9rences seront diffus\u00e9es en direct sur la cha\u00eene YouTube de l\u2019ACP (CAPhys) afin de garantir un acc\u00e8s facile \u00e0 tous. Elles seront pr\u00e9sent\u00e9es en anglais ou en fran\u00e7ais, avec des sous-titres dans l\u2019autre langue si possible.<\/p>\n<p>Bien que les conf\u00e9rences soient destin\u00e9es aux \u00e9tudiants de premier cycle, les sessions sont ouvertes \u00e0 tous ceux qui souhaitent y assister. Les participants auront la possibilit\u00e9 de soumettre des questions, avant et pendant chaque expos\u00e9.<\/p>\n<h3>Organisation<\/h3>\n<p>Chaque conf\u00e9rencier fera une pr\u00e9sentation devant des \u00e9tudiants de premier cycle dans un \u00e9tablissement h\u00f4te, et sa pr\u00e9sentation sera diffus\u00e9e en direct sur la cha\u00eene YouTube de l\u2019ACP afin qu\u2019elle soit accessible \u00e0 tous les \u00e9tudiants de premier cycle du Canada.<\/p>\n<p>Un appel \u00e0 candidatures pour les conf\u00e9renciers a \u00e9t\u00e9 lanc\u00e9 le vendredi 30 septembre 2022 ; les candidatures ont \u00e9t\u00e9 cl\u00f4tur\u00e9es \u00e0 minuit le 31 octobre 2022.<\/p>\n<p>Une liste de conf\u00e9renciers sera \u00e9labor\u00e9e par le Comit\u00e9 de la tourn\u00e9e de conf\u00e9rences, apr\u00e8s quoi les \u00e9tudiants de premier cycle de chaque d\u00e9partement membre \u00e0 travers le Canada seront invit\u00e9s \u00e0 identifier leurs trois premiers choix.\u00a0 La liste finale de six conf\u00e9renciers sera choisie en fonction des commentaires re\u00e7us. Une fois les conf\u00e9renciers confirm\u00e9s, les dates des conf\u00e9rences seront finalis\u00e9es et affich\u00e9es sur le site Web de l\u2019ACP.\u00a0 Les membres des d\u00e9partements et des institutions sont pri\u00e9s de promouvoir la conf\u00e9rence aupr\u00e8s de leurs \u00e9tudiants.<\/p>\n<p>Pour atteindre l\u2019objectif de la tourn\u00e9e, qui est d\u2019am\u00e9liorer la visibilit\u00e9 de l\u2019ACP et de promouvoir l\u2019adh\u00e9sion des \u00e9tudiants, il est essentiel que tous les conf\u00e9renciers soient pr\u00eats \u00e0 agir comme ambassadeurs de l\u2019association. Une br\u00e8ve s\u00e9rie de diapositives pr\u00e9sentant l\u2019ACP et les commanditaires de la tourn\u00e9e de conf\u00e9rences sera fournie \u00e0 l\u2019Ami de l\u2019ACP de l\u2019\u00e9tablissement h\u00f4te ou au coordonnateur r\u00e9gional de la tourn\u00e9e de conf\u00e9rences pour \u00eatre pr\u00e9sent\u00e9e lors de la pr\u00e9sentation du conf\u00e9rencier.<\/p>\n<p>Les \u00e9ch\u00e9ances de la planification de la tourn\u00e9e de conf\u00e9rences 2023 sont les suivantes :<\/p>\n<p><span style=\"font-size: 18pt;\">2022<\/span><\/p>\n<ul class=\"content-list\">\n<li><strong>Le 30 septembre :<\/strong> Appel aux membres de la SCP, aux membres des d\u00e9partements, aux membres corporatifs et aux partenaires institutionnels pour des propositions de conf\u00e9renciers en utilisant ce formulaire (les nominations sont maintenant ferm\u00e9es).<\/li>\n<li><strong>31 octobre, 23h59 HAE :<\/strong>\u00a0Date limite de soumission des propositions de conf\u00e9renciers.<\/li>\n<li><strong>8 novembre :\u00a0<\/strong>Liste des conf\u00e9renciers et r\u00e9sum\u00e9s disponibles sur le Web. Invitation aux d\u00e9partements membres de l\u2019ACP \u00e0 demander \u00e0 leurs \u00e9tudiants de premier cycle d\u2019examiner la liste des conf\u00e9renciers afin de d\u00e9terminer leurs trois premiers choix.\u00a0 Ceux-ci sont ensuite soumis au coordinateur national via un lien de sondage accessible \u00e0 chaque d\u00e9partement.<\/li>\n<li><strong>8 novembre :\u00a0<\/strong>Appel aux directeurs des d\u00e9partements membres de l\u2019ACP pour qu\u2019ils envisagent d\u2019accueillir leur conf\u00e9rencier r\u00e9gional de la tourn\u00e9e de conf\u00e9rences de l\u2019ACP.<\/li>\n<li><strong>18 novembre, 23h59 HNE:<\/strong>\u00a0Date limite pour que les d\u00e9partements membres de l\u2019ACP soumettent les 3 premiers choix de leurs \u00e9tuidiants en utilisant le lien du sondage accessible \u00e0 chaque d\u00e9partement ainsi qu\u2019une expression d\u2019int\u00e9r\u00eat pour accueillir leur conf\u00e9rencier r\u00e9gional, le cas \u00e9ch\u00e9ant.<\/li>\n<li><strong>25 novembre : <\/strong>Le comit\u00e9 organisateur national se r\u00e9unit pour identifier le calendrier de la tourn\u00e9e de conf\u00e9rences, faire la s\u00e9lection finale des six conf\u00e9renciers ainsi que des d\u00e9partements h\u00f4tes pour chaque conf\u00e9rence r\u00e9gionale.\u00a0 Les coordinateurs r\u00e9gionaux contactent les conf\u00e9renciers s\u00e9lectionn\u00e9s et les institutions h\u00f4tes.<\/li>\n<li><strong>2 d\u00e9cembre<\/strong>\u00a0<strong>:<\/strong>\u00a0Date limite pour que les conf\u00e9renciers s\u00e9lectionn\u00e9s et les institutions h\u00f4tes confirment leur participation.<\/li>\n<li><strong>16 d\u00e9cembre :<\/strong>\u00a0Le coordinateur national finalise le programme de la tourn\u00e9e (conf\u00e9rencier, lieu, dates) et en informe les conf\u00e9renciers et les institutions h\u00f4tes.<\/li>\n<li><strong>20 d\u00e9cembre :<\/strong>\u00a0Le programme de la tourn\u00e9e de conf\u00e9rences est publi\u00e9 sur le site Web et un FlashInfo est envoy\u00e9 \u00e0 tous les membres.<\/li>\n<\/ul>\n<p><span style=\"font-size: 18pt;\">2023<\/span><\/p>\n<ul class=\"content-list\">\n<li><strong>Janvier \u2013 avril :<\/strong>\u00a0La tourn\u00e9e de conf\u00e9rences de l\u2019ACP a lieu dans les d\u00e9partements h\u00f4tes et est diffus\u00e9e en direct \u00e0 la communaut\u00e9.\u00a0 Des enregistrements sont r\u00e9alis\u00e9s et affich\u00e9s sur la cha\u00eene YouTube de l\u2019ACP lorsqu\u2019ils sont disponibles.<\/li>\n<li><strong>31 mai :<\/strong>\u00a0Date limite pour que les conf\u00e9renciers soumettent toutes leurs demandes de remboursement de frais au bureau de l\u2019ACP.<\/li>\n<\/ul>\n","protected":false},"excerpt":{"rendered":"<p>La tourn\u00e9e des conf\u00e9renciers 2023 de l\u2019ACP est un \u00e9v\u00e9nement stimulant et prestigieux pour les \u00e9tudiants de premier cycle des d\u00e9partements de physique partout au Canada.\u00a0 La tourn\u00e9e met en vedette\u00a0 d\u2019excellentes pr\u00e9sentations couvrant plusieurs champs de la physique contemporaine. Cette ann\u00e9e, les conf\u00e9rences de l\u2019Association canadienne des physiciens et physiciennes (ACP) pour les \u00e9tudiants&#8230;  <a class=\"excerpt-read-more\" href=\"https:\/\/cap.ca\/fr\/tournee-de-conferenciers-de-lacp-2023\/\" title=\"LireTourn\u00e9e de conf\u00e9renciers de l\u2019ACP 2023\">Lire la suite &raquo;<\/a><\/p>\n","protected":false},"author":5,"featured_media":0,"parent":0,"menu_order":7,"comment_status":"closed","ping_status":"closed","template":"","meta":{"footnotes":""},"class_list":["post-22093","page","type-page","status-publish","hentry"],"_links":{"self":[{"href":"https:\/\/cap.ca\/fr\/wp-json\/wp\/v2\/pages\/22093","targetHints":{"allow":["GET"]}}],"collection":[{"href":"https:\/\/cap.ca\/fr\/wp-json\/wp\/v2\/pages"}],"about":[{"href":"https:\/\/cap.ca\/fr\/wp-json\/wp\/v2\/types\/page"}],"author":[{"embeddable":true,"href":"https:\/\/cap.ca\/fr\/wp-json\/wp\/v2\/users\/5"}],"replies":[{"embeddable":true,"href":"https:\/\/cap.ca\/fr\/wp-json\/wp\/v2\/comments?post=22093"}],"version-history":[{"count":1,"href":"https:\/\/cap.ca\/fr\/wp-json\/wp\/v2\/pages\/22093\/revisions"}],"predecessor-version":[{"id":22094,"href":"https:\/\/cap.ca\/fr\/wp-json\/wp\/v2\/pages\/22093\/revisions\/22094"}],"wp:attachment":[{"href":"https:\/\/cap.ca\/fr\/wp-json\/wp\/v2\/media?parent=22093"}],"curies":[{"name":"wp","href":"https:\/\/api.w.org\/{rel}","templated":true}]}}