{"id":11778,"date":"2019-01-15T15:51:05","date_gmt":"2019-01-15T20:51:05","guid":{"rendered":"https:\/\/cap.ca\/?page_id=11778\/"},"modified":"2019-05-22T15:12:31","modified_gmt":"2019-05-22T19:12:31","slug":"comite-organisateur-local-du-congres-2019","status":"publish","type":"page","link":"https:\/\/cap.ca\/fr\/congres-de-lacp\/congres-anterieurs\/congres-lacp-2019\/comite-organisateur-local-du-congres-2019\/","title":{"rendered":"Comit\u00e9 organisateur local du congr\u00e8s 2019"},"content":{"rendered":"<table width=\"594\">\n<tbody>\n<tr>\n<td width=\"297\">Co-Chairs \/ Pr\u00e9sidents conjoints<br \/>\n<strong>Barbara Frisken \/ Jeff Sonier<\/strong><\/td>\n<td width=\"297\">Catering Coordinator\/ Coordonnatrice de traiteur<br \/>\n<strong>Karen Kavanagh<\/strong><\/td>\n<\/tr>\n<tr>\n<td width=\"297\">Local Congress Coordinator \/ Coordonnatrice local du congr\u00e8s<br \/>\n<strong>Rose Evans<\/strong><\/td>\n<td width=\"297\">Housing Coordinator \/ Coordonnatrice de l\u2019h\u00e9bergement<br \/>\n<strong>Karen Kavanagh<\/strong><\/td>\n<\/tr>\n<tr>\n<td width=\"297\">Treasurer \/ Budget Coordinator \/ Coordonnateur du tr\u00e9sorier et du budget<br \/>\n<strong>Jeff McGuirk<\/strong><\/td>\n<td width=\"297\">Printed Program and Web Local Info. \/ Info. locale du programme et web<br \/>\n<strong>tba<\/strong><\/td>\n<\/tr>\n<tr>\n<td width=\"297\">Teaching Workshop Coordinators \/Coordonnatrices de l\u2019atelier des enseignants<br \/>\n<strong>Daria Ahrensmeier \/ Sarah Johnson<\/strong><\/td>\n<td width=\"297\">Lab Tour Coordinator \/ Coordonnatrice des visites de laboratoires<br \/>\n<strong>Corina Andreoiu<\/strong><\/td>\n<\/tr>\n<tr>\n<td width=\"297\">Exhibitors Coordinators \/ Coordonnateurs d\u2019exposants<br \/>\n<strong>Bernd Stelzer \/ Bryan Gormann<\/strong><\/td>\n<td width=\"297\">Communications Coordinator \/ Coordonnatrice de communications<br \/>\n<strong>Corina Andreoiu<\/strong><\/td>\n<\/tr>\n<tr>\n<td width=\"297\">Poster Session Coordinator \/ Coordonnateur de la session d\u2019affiches<br \/>\n<strong>Bernd Stelzer<\/strong><\/td>\n<td width=\"297\">Local Sponsorship Coordinator \/ Coordonnatrice des commandites locales<br \/>\n<strong>Jenifer Thewalt<\/strong><\/td>\n<\/tr>\n<tr>\n<td width=\"297\">Welcome BBQ Organizer \/ Coordonnateur de BBQ<br \/>\n<strong>Simon Watkins<\/strong><\/td>\n<td width=\"297\">Volunteer Coordinator \/ Coordonnateur des b\u00e9n\u00e9voles<br \/>\n<strong>Michael Chen<\/strong><\/td>\n<\/tr>\n<tr>\n<td width=\"297\">Herzberg Lecture Coordinator \/ Coordonnatrice de la conf\u00e9rence Herzberg<br \/>\n<strong>Nancy Forde<\/strong><\/td>\n<td width=\"297\">Graduate Student Volunteer Coordinator \/ Coordonnateur des b\u00e9n\u00e9voles<br \/>\n<strong>Etienne Dreyer<\/strong><\/td>\n<\/tr>\n<tr>\n<td width=\"297\">Banquet Coordinator \/ Coordonnateur du Banquet<br \/>\n<strong>John Bechhoefer<\/strong><\/td>\n<td width=\"297\">Signage \/ Affichage<br \/>\n<strong>Michael Chen<\/strong><\/td>\n<\/tr>\n<tr>\n<td width=\"297\">Room Coordinators \/ Coordonnateurs de salle de conf\u00e9rence<br \/>\n<strong>Eundeok Mun<\/strong><\/td>\n<td width=\"297\">Industry Student Event Coordinator \/ Coordonateur d\u2019\u00e9v\u00e8nement en industrie pour \u00e9tudiants<br \/>\n<strong>Dave Broun<\/strong><\/td>\n<\/tr>\n<tr>\n<td width=\"297\">AV\/IT Coordinator \/ Coordonnateur de l\u2019audiovisuel et de l\u2019informatique<br \/>\n<strong>Eundeok Mun<\/strong><\/td>\n<td width=\"297\">Safety Officer \/ Agent de s\u00e9curit\u00e9<br \/>\n<strong>Ken Myrtle<\/strong><\/td>\n<\/tr>\n<\/tbody>\n<\/table>\n<table border=\"0\" cellspacing=\"1\" cellpadding=\"1\" align=\"left\">\n<tbody>\n<tr>\n<td><\/td>\n<td><strong>e<\/strong><\/td>\n<\/tr>\n<\/tbody>\n<\/table>\n","protected":false},"excerpt":{"rendered":"<p>Co-Chairs \/ Pr\u00e9sidents conjoints Barbara Frisken \/ Jeff Sonier Catering Coordinator\/ Coordonnatrice de traiteur Karen Kavanagh Local Congress Coordinator \/ Coordonnatrice local du congr\u00e8s Rose Evans Housing Coordinator \/ Coordonnatrice de l\u2019h\u00e9bergement Karen Kavanagh Treasurer \/ Budget Coordinator \/ Coordonnateur du tr\u00e9sorier et du budget Jeff McGuirk Printed Program and Web Local Info. \/ Info&#8230;.  <a class=\"excerpt-read-more\" href=\"https:\/\/cap.ca\/fr\/congres-de-lacp\/congres-anterieurs\/congres-lacp-2019\/comite-organisateur-local-du-congres-2019\/\" title=\"LireComit\u00e9 organisateur local du congr\u00e8s 2019\">Lire la suite &raquo;<\/a><\/p>\n","protected":false},"author":6,"featured_media":0,"parent":8943,"menu_order":161,"comment_status":"closed","ping_status":"closed","template":"","meta":{"footnotes":""},"class_list":["post-11778","page","type-page","status-publish","hentry"],"_links":{"self":[{"href":"https:\/\/cap.ca\/fr\/wp-json\/wp\/v2\/pages\/11778","targetHints":{"allow":["GET"]}}],"collection":[{"href":"https:\/\/cap.ca\/fr\/wp-json\/wp\/v2\/pages"}],"about":[{"href":"https:\/\/cap.ca\/fr\/wp-json\/wp\/v2\/types\/page"}],"author":[{"embeddable":true,"href":"https:\/\/cap.ca\/fr\/wp-json\/wp\/v2\/users\/6"}],"replies":[{"embeddable":true,"href":"https:\/\/cap.ca\/fr\/wp-json\/wp\/v2\/comments?post=11778"}],"version-history":[{"count":6,"href":"https:\/\/cap.ca\/fr\/wp-json\/wp\/v2\/pages\/11778\/revisions"}],"predecessor-version":[{"id":12042,"href":"https:\/\/cap.ca\/fr\/wp-json\/wp\/v2\/pages\/11778\/revisions\/12042"}],"up":[{"embeddable":true,"href":"https:\/\/cap.ca\/fr\/wp-json\/wp\/v2\/pages\/8943"}],"wp:attachment":[{"href":"https:\/\/cap.ca\/fr\/wp-json\/wp\/v2\/media?parent=11778"}],"curies":[{"name":"wp","href":"https:\/\/api.w.org\/{rel}","templated":true}]}}